{"id":2690,"date":"2021-01-28T07:19:58","date_gmt":"2021-01-28T04:19:58","guid":{"rendered":"https:\/\/www.senemasli.com\/reponses-a-vos-questions\/"},"modified":"2024-12-18T01:49:15","modified_gmt":"2024-12-17T22:49:15","slug":"reponses-a-vos-questions","status":"publish","type":"page","link":"https:\/\/www.senemasli.com\/fr\/reponses-a-vos-questions\/","title":{"rendered":"R\u00e9ponses \u00e0 vos questions"},"content":{"rendered":"<p>[vc_row][vc_column offset=\u00a0\u00bbvc_col-lg-9 vc_col-md-9&Prime;][vc_tta_accordion style=\u00a0\u00bbflat\u00a0\u00bb shape=\u00a0\u00bbsquare\u00a0\u00bb color=\u00a0\u00bbblue\u00a0\u00bb c_position=\u00a0\u00bbright\u00a0\u00bb active_section=\u00a0\u00bb1&Prime; no_fill=\u00a0\u00bbtrue\u00a0\u00bb][vc_tta_section title=\u00a0\u00bbQuelles sont vos exp\u00e9riences dans votre profession?\u00a0\u00bb tab_id=\u00a0\u00bb1441693041782-ffce51b8-b370&Prime;][vc_column_text]<strong>Facult\u00e9 de m\u00e9decine dentaire de l&rsquo;Universit\u00e9 d&rsquo;Ankara J&rsquo;ai obtenu mon dipl\u00f4me en 2007.<\/strong><\/p>\n<p>J&rsquo;ai ouvert mon propre cabinet \u00e0 <strong>Sakarya Karasu en 2008<\/strong> et l&rsquo;ai dirig\u00e9 jusqu&rsquo;en septembre 2020.<\/p>\n<p>J&rsquo;ai suivi r\u00e9guli\u00e8rement les \u00e9volutions technologiques li\u00e9es \u00e0 mon m\u00e9tier et me suis renouvel\u00e9. Au cours de mes <strong>19 ann\u00e9es d&rsquo;exp\u00e9rience en dentisterie<\/strong> apr\u00e8s l&rsquo;obtention de mon dipl\u00f4me, je me suis sp\u00e9cialis\u00e9e dans de nombreux domaines diff\u00e9rents et j&rsquo;ai commenc\u00e9 \u00e0 servir mes patients dans un large \u00e9ventail.<\/p>\n<p><strong>En octobre 2020 Bodrum, Mugla<\/strong> J&rsquo;ai d\u00e9m\u00e9nag\u00e9 \u00e0. Maintenant, je sers mes patients dans mon propre cabinet \u00e0 Bodrum.[\/vc_column_text][\/vc_tta_section][vc_tta_section title=\u00a0\u00bbDans quels domaines vous \u00eates-vous sp\u00e9cialis\u00e9?\u00a0\u00bb tab_id=\u00a0\u00bb1441693329202-fa853d76-f1a0&Prime;][vc_column_text]<\/p>\n<p class=\"p1\">Surtout<strong><a href=\"https:\/\/www.senemasli.com\/fr\/traitements\/orthodontie-invisalign\/\"> orthodontie<\/a><\/strong> Je me suis am\u00e9lior\u00e9 sur le terrain. De nombreux dentistes sous-traitent les services d&rsquo;orthodontie. Cependant, avec les formations que j&rsquo;ai re\u00e7ues et mes \u00e9tudes de sp\u00e9cialisation dans ce domaine, je propose des services d&rsquo;orthodontie, y compris des examens dans mon propre cabinet. Je d\u00e9termine votre traitement avec le premier examen et applique ce traitement \u00e0 long terme de A \u00e0 Z.<\/p>\n<p>Parmi mes autres sp\u00e9cialit\u00e9s figurent des traitements tels que le <strong><a href=\"https:\/\/www.senemasli.com\/fr\/traitements\/implants-dentaires\/\">traitement implantaire<\/a><\/strong>, <strong><a href=\"https:\/\/www.senemasli.com\/fr\/traitements\/stratifie-veener-porcelaine-feuille\/\">le placage stratifi\u00e9<\/a><\/strong> (porcelaine de feuilles), <strong><a href=\"https:\/\/www.senemasli.com\/fr\/traitements\/porcelaine-de-zirconium\/\">la porcelaine de zirconium<\/a><\/strong>, <strong><a href=\"https:\/\/www.senemasli.com\/fr\/traitements\/orthopedie-pediatrique-de-la-machoire\/\">l&rsquo;orthop\u00e9die p\u00e9diatrique de la m\u00e2choire<\/a>, l&rsquo;application de botox<\/strong> sur le muscle masticateur. En fait, je peux dire que je fais tous les domaines que la dentisterie me donne autorit\u00e9, sans discrimination. Tous les services que je fournis \u00e0 mes patients <strong><a href=\"\/hizmetler\/\">sur cette page<\/a><\/strong> tu peux voir.[\/vc_column_text][\/vc_tta_section][vc_tta_section title=\u00a0\u00bbQuels traitements effectuez-vous dans votre cabinet?\u00a0\u00bb tab_id=\u00a0\u00bb1441693340077-5efcc767-f263&Prime;][vc_column_text]<strong><a href=\"https:\/\/www.senemasli.com\/fr\/traitements\/orthodontie-invisalign\/\">Traitements orthodontiques<\/a>, <a href=\"https:\/\/www.senemasli.com\/fr\/traitements\/orthodontie-invisalign\/\">Invisalign (orthodontie avec goutti\u00e8re transparente)<\/a><\/strong>, <strong><a href=\"https:\/\/www.senemasli.com\/fr\/traitements\/traitements-conservateurs\/\">traitements conservateurs<\/a><\/strong> (comblement, traitement canalaire), <strong><a href=\"https:\/\/www.senemasli.com\/fr\/traitements\/implants-dentaires\/\">chirurgie implantaire,<\/a><\/strong> <strong><a href=\"https:\/\/www.senemasli.com\/fr\/traitements\/porcelaine-de-zirconium\/\">porcelaine de zirconium<\/a><\/strong>, <strong><a href=\"https:\/\/www.senemasli.com\/fr\/traitements\/stratifie-veener-porcelaine-feuille\/\">placage stratifi\u00e9<\/a><\/strong> (feuille de porcelaine) et conception de sourire, <strong><a href=\"https:\/\/www.senemasli.com\/fr\/traitements\/maladies-des-gencives\/\">traitement des maladies des gencives<\/a><\/strong>, <strong><a href=\"https:\/\/www.senemasli.com\/fr\/traitements\/orthopedie-pediatrique-de-la-machoire\/\">orthop\u00e9die p\u00e9diatrique de la m\u00e2choire<\/a><\/strong> (orthop\u00e9die fonctionnelle), <strong><a href=\"https:\/\/www.senemasli.com\/fr\/traitements\/problemes-darticulation-et-de-serrage\/\">traitement des probl\u00e8mes d&rsquo;articulation et de serrement<\/a><\/strong> des dents font partie de mes services.[\/vc_column_text][\/vc_tta_section][vc_tta_section title=\u00a0\u00bbComment puis-je prendre rendez-vous?\u00a0\u00bb tab_id=\u00a0\u00bb1441693350195-d7ab9701-63c3&Prime;][vc_column_text]Sur mon site<strong><a href=\"https:\/\/www.senemasli.com\/fr\/rendez-vous-en-ligne\/\"> d&rsquo;ici<\/a><\/strong> Vous pouvez cr\u00e9er un rendez-vous en ligne. Ou, si vous le souhaitez, vous pouvez planifier votre rendez-vous en me contactant sur la ligne WhatsApp, t\u00e9l\u00e9phone portable ou num\u00e9ro fixe sur le site.[\/vc_column_text][\/vc_tta_section][vc_tta_section title=\u00a0\u00bbPuis-je payer mon traitement par carte de cr\u00e9dit?\u00a0\u00bb tab_id=\u00a0\u00bb1441693392479-0dbb1317-81a9&Prime;][vc_column_text]<\/p>\n<p class=\"p1\">Oui, vous pouvez effectuer vos paiements par carte de cr\u00e9dit en esp\u00e8ces ou en plusieurs fois avec une diff\u00e9rence d&rsquo;\u00e9ch\u00e9ance.<\/p>\n<p>[\/vc_column_text][\/vc_tta_section][vc_tta_section title=\u00a0\u00bbQuelles sont vos mesures Kovid-19?\u00a0\u00bb tab_id=\u00a0\u00bb1610736609606-e91a450d-9fe6&Prime;][vc_column_text]<\/p>\n<p class=\"p1\">Dans ma pratique<strong><a href=\"https:\/\/www.fakirstore.com.tr\/fakir-hypo-clean\" target=\"_blank\" rel=\"noopener\"> Hypo Clean de Fakir<\/a><\/strong> J&rsquo;utilise votre appareil. Cet appareil assure une d\u00e9sinfection efficace en utilisant uniquement de l&rsquo;eau et du sel. Nous pulv\u00e9risons le liquide dans l&rsquo;appareil des cheveux aux pieds sur chaque patient qui entre, et le vaporisons \u00e9galement dans l&rsquo;air et partout o\u00f9 le patient touche.<\/p>\n<p>A l&rsquo;entr\u00e9e de l&rsquo;inspection<strong> gel hydroalcoolique<\/strong> a. Double masque pendant le traitement et l&rsquo;examen<strong> (N95 \/ ffp2)<\/strong> et<strong> visi\u00e8re<\/strong> J&rsquo;utilise. Nos unit\u00e9s de si\u00e8ge<strong> jetable<\/strong> et un nouveau est utilis\u00e9 pour chaque patient. Aussi, j&rsquo;ai utilis\u00e9 pendant le traitement<strong> tablier noir jetable<\/strong> Je le change chez chaque patient.[\/vc_column_text][\/vc_tta_section][\/vc_tta_accordion][\/vc_column][vc_column width=\u00a0\u00bb1\/4&Prime; offset=\u00a0\u00bbvc_hidden-sm vc_hidden-xs\u00a0\u00bb][stm_sidebar sidebar=\u00a0\u00bb2501&Prime;][\/vc_column][\/vc_row]<\/p>\n","protected":false},"excerpt":{"rendered":"<p>[vc_row][vc_column offset=\u00a0\u00bbvc_col-lg-9 vc_col-md-9&Prime;][vc_tta_accordion style=\u00a0\u00bbflat\u00a0\u00bb shape=\u00a0\u00bbsquare\u00a0\u00bb color=\u00a0\u00bbblue\u00a0\u00bb c_position=\u00a0\u00bbright\u00a0\u00bb active_section=\u00a0\u00bb1&Prime; no_fill=\u00a0\u00bbtrue\u00a0\u00bb][vc_tta_section title=\u00a0\u00bbQuelles sont vos exp\u00e9riences dans votre profession?\u00a0\u00bb tab_id=\u00a0\u00bb1441693041782-ffce51b8-b370&Prime;][vc_column_text]Facult\u00e9 de m\u00e9decine dentaire de l&rsquo;Universit\u00e9 d&rsquo;Ankara J&rsquo;ai obtenu mon dipl\u00f4me en 2007. J&rsquo;ai ouvert mon propre cabinet \u00e0 Sakarya Karasu en 2008 et l&rsquo;ai dirig\u00e9 jusqu&rsquo;en septembre 2020. J&rsquo;ai suivi r\u00e9guli\u00e8rement les \u00e9volutions technologiques li\u00e9es \u00e0 mon m\u00e9tier&#8230;<\/p>\n","protected":false},"author":1,"featured_media":0,"parent":0,"menu_order":0,"comment_status":"closed","ping_status":"closed","template":"","meta":{"footnotes":""},"class_list":["post-2690","page","type-page","status-publish","hentry"],"yoast_head":"<!-- This site is optimized with the Yoast SEO plugin v24.2 - https:\/\/yoast.com\/wordpress\/plugins\/seo\/ -->\n<title>R\u00e9ponses \u00e0 vos questions - Dentiste Senem Asl\u0131 Ek\u015fio\u011flu<\/title>\n<meta name=\"description\" content=\"Dentiste Senem Asl\u0131 Ek\u015fio\u011flu Bodrum, Mu\u011fla. R\u00e9ponses \u00e0 vos questions sur la nomination, l&#039;examen et la pratique.\" \/>\n<meta name=\"robots\" content=\"index, follow, max-snippet:-1, max-image-preview:large, max-video-preview:-1\" \/>\n<link rel=\"canonical\" href=\"https:\/\/www.senemasli.com\/fr\/reponses-a-vos-questions\/\" \/>\n<meta property=\"og:locale\" content=\"fr_FR\" \/>\n<meta property=\"og:type\" content=\"article\" \/>\n<meta property=\"og:title\" content=\"R\u00e9ponses \u00e0 vos questions | Dentiste Senem Asl\u0131 Ek\u015fio\u011flu\" \/>\n<meta property=\"og:description\" content=\"Dentiste Senem Asl\u0131 Ek\u015fio\u011flu Bodrum, Mu\u011fla. R\u00e9ponses \u00e0 vos questions sur la nomination, l&#039;examen et la pratique.\" \/>\n<meta property=\"og:url\" content=\"https:\/\/www.senemasli.com\/fr\/reponses-a-vos-questions\/\" \/>\n<meta property=\"og:site_name\" content=\"Dentiste Senem Asl\u0131 Ek\u015fio\u011flu\" \/>\n<meta property=\"article:publisher\" content=\"https:\/\/www.facebook.com\/D%c4%b0%c5%9e-HEK%c4%b0M%c4%b0-SENEM-ASLI-EK%c5%9e%c4%b0O%c4%9eLU-204782806266798\" \/>\n<meta property=\"article:modified_time\" content=\"2024-12-17T22:49:15+00:00\" \/>\n<meta property=\"og:image\" content=\"https:\/\/www.senemasli.com\/wp-content\/uploads\/2021\/01\/01-dis-hekimi-senem-asli-eksioglu-bodrum-mugla-muayenehane.jpg\" \/>\n<meta name=\"twitter:card\" content=\"summary_large_image\" \/>\n<meta name=\"twitter:title\" content=\"R\u00e9ponses \u00e0 vos questions | Dentiste Senem Asl\u0131 Ek\u015fio\u011flu\" \/>\n<meta name=\"twitter:description\" content=\"Dentiste Senem Asl\u0131 Ek\u015fio\u011flu Bodrum, Mu\u011fla. R\u00e9ponses \u00e0 vos questions sur la nomination, l&#039;examen et la pratique.\" \/>\n<meta name=\"twitter:image\" content=\"https:\/\/www.senemasli.com\/wp-content\/uploads\/2021\/01\/01-dis-hekimi-senem-asli-eksioglu-bodrum-mugla-muayenehane.jpg\" \/>\n<meta name=\"twitter:label1\" content=\"Dur\u00e9e de lecture estim\u00e9e\" \/>\n\t<meta name=\"twitter:data1\" content=\"3 minutes\" \/>\n<script type=\"application\/ld+json\" class=\"yoast-schema-graph\">{\"@context\":\"https:\/\/schema.org\",\"@graph\":[{\"@type\":\"WebPage\",\"@id\":\"https:\/\/www.senemasli.com\/fr\/reponses-a-vos-questions\/\",\"url\":\"https:\/\/www.senemasli.com\/fr\/reponses-a-vos-questions\/\",\"name\":\"R\u00e9ponses \u00e0 vos questions - Dentiste Senem Asl\u0131 Ek\u015fio\u011flu\",\"isPartOf\":{\"@id\":\"https:\/\/www.senemasli.com\/fr\/#website\"},\"datePublished\":\"2021-01-28T04:19:58+00:00\",\"dateModified\":\"2024-12-17T22:49:15+00:00\",\"description\":\"Dentiste Senem Asl\u0131 Ek\u015fio\u011flu Bodrum, Mu\u011fla. R\u00e9ponses \u00e0 vos questions sur la nomination, l'examen et la pratique.\",\"breadcrumb\":{\"@id\":\"https:\/\/www.senemasli.com\/fr\/reponses-a-vos-questions\/#breadcrumb\"},\"inLanguage\":\"fr-FR\",\"potentialAction\":[{\"@type\":\"ReadAction\",\"target\":[\"https:\/\/www.senemasli.com\/fr\/reponses-a-vos-questions\/\"]}]},{\"@type\":\"BreadcrumbList\",\"@id\":\"https:\/\/www.senemasli.com\/fr\/reponses-a-vos-questions\/#breadcrumb\",\"itemListElement\":[{\"@type\":\"ListItem\",\"position\":1,\"name\":\"Anasayfa\",\"item\":\"https:\/\/www.senemasli.com\/fr\/\"},{\"@type\":\"ListItem\",\"position\":2,\"name\":\"R\u00e9ponses \u00e0 vos questions\"}]},{\"@type\":\"WebSite\",\"@id\":\"https:\/\/www.senemasli.com\/fr\/#website\",\"url\":\"https:\/\/www.senemasli.com\/fr\/\",\"name\":\"Dentiste Senem Asl\u0131 Ek\u015fio\u011flu\",\"description\":\"Bodrum\",\"publisher\":{\"@id\":\"https:\/\/www.senemasli.com\/fr\/#organization\"},\"potentialAction\":[{\"@type\":\"SearchAction\",\"target\":{\"@type\":\"EntryPoint\",\"urlTemplate\":\"https:\/\/www.senemasli.com\/fr\/?s={search_term_string}\"},\"query-input\":{\"@type\":\"PropertyValueSpecification\",\"valueRequired\":true,\"valueName\":\"search_term_string\"}}],\"inLanguage\":\"fr-FR\"},{\"@type\":\"Organization\",\"@id\":\"https:\/\/www.senemasli.com\/fr\/#organization\",\"name\":\"Dentiste Senem Asl\u0131 Ek\u015fio\u011flu - Bodrum, Mu\u011fla\",\"url\":\"https:\/\/www.senemasli.com\/fr\/\",\"logo\":{\"@type\":\"ImageObject\",\"inLanguage\":\"fr-FR\",\"@id\":\"https:\/\/www.senemasli.com\/fr\/#\/schema\/logo\/image\/\",\"url\":\"https:\/\/www.senemasli.com\/wp-content\/uploads\/2021\/01\/logo.png\",\"contentUrl\":\"https:\/\/www.senemasli.com\/wp-content\/uploads\/2021\/01\/logo.png\",\"width\":344,\"height\":120,\"caption\":\"Dentiste Senem Asl\u0131 Ek\u015fio\u011flu - Bodrum, Mu\u011fla\"},\"image\":{\"@id\":\"https:\/\/www.senemasli.com\/fr\/#\/schema\/logo\/image\/\"},\"sameAs\":[\"https:\/\/www.facebook.com\/D\u0130\u015e-HEK\u0130M\u0130-SENEM-ASLI-EK\u015e\u0130O\u011eLU-204782806266798\",\"https:\/\/www.instagram.com\/snmazoid\/\",\"https:\/\/www.linkedin.com\/in\/senem-asl\u0131-ek\u015fio\u011flu-350235204\/\"]}]}<\/script>\n<!-- \/ Yoast SEO plugin. -->","yoast_head_json":{"title":"R\u00e9ponses \u00e0 vos questions - Dentiste Senem Asl\u0131 Ek\u015fio\u011flu","description":"Dentiste Senem Asl\u0131 Ek\u015fio\u011flu Bodrum, Mu\u011fla. R\u00e9ponses \u00e0 vos questions sur la nomination, l'examen et la pratique.","robots":{"index":"index","follow":"follow","max-snippet":"max-snippet:-1","max-image-preview":"max-image-preview:large","max-video-preview":"max-video-preview:-1"},"canonical":"https:\/\/www.senemasli.com\/fr\/reponses-a-vos-questions\/","og_locale":"fr_FR","og_type":"article","og_title":"R\u00e9ponses \u00e0 vos questions | Dentiste Senem Asl\u0131 Ek\u015fio\u011flu","og_description":"Dentiste Senem Asl\u0131 Ek\u015fio\u011flu Bodrum, Mu\u011fla. R\u00e9ponses \u00e0 vos questions sur la nomination, l'examen et la pratique.","og_url":"https:\/\/www.senemasli.com\/fr\/reponses-a-vos-questions\/","og_site_name":"Dentiste Senem Asl\u0131 Ek\u015fio\u011flu","article_publisher":"https:\/\/www.facebook.com\/D%c4%b0%c5%9e-HEK%c4%b0M%c4%b0-SENEM-ASLI-EK%c5%9e%c4%b0O%c4%9eLU-204782806266798","article_modified_time":"2024-12-17T22:49:15+00:00","og_image":[{"url":"https:\/\/www.senemasli.com\/wp-content\/uploads\/2021\/01\/01-dis-hekimi-senem-asli-eksioglu-bodrum-mugla-muayenehane.jpg","type":"","width":"","height":""}],"twitter_card":"summary_large_image","twitter_title":"R\u00e9ponses \u00e0 vos questions | Dentiste Senem Asl\u0131 Ek\u015fio\u011flu","twitter_description":"Dentiste Senem Asl\u0131 Ek\u015fio\u011flu Bodrum, Mu\u011fla. R\u00e9ponses \u00e0 vos questions sur la nomination, l'examen et la pratique.","twitter_image":"https:\/\/www.senemasli.com\/wp-content\/uploads\/2021\/01\/01-dis-hekimi-senem-asli-eksioglu-bodrum-mugla-muayenehane.jpg","twitter_misc":{"Dur\u00e9e de lecture estim\u00e9e":"3 minutes"},"schema":{"@context":"https:\/\/schema.org","@graph":[{"@type":"WebPage","@id":"https:\/\/www.senemasli.com\/fr\/reponses-a-vos-questions\/","url":"https:\/\/www.senemasli.com\/fr\/reponses-a-vos-questions\/","name":"R\u00e9ponses \u00e0 vos questions - Dentiste Senem Asl\u0131 Ek\u015fio\u011flu","isPartOf":{"@id":"https:\/\/www.senemasli.com\/fr\/#website"},"datePublished":"2021-01-28T04:19:58+00:00","dateModified":"2024-12-17T22:49:15+00:00","description":"Dentiste Senem Asl\u0131 Ek\u015fio\u011flu Bodrum, Mu\u011fla. R\u00e9ponses \u00e0 vos questions sur la nomination, l'examen et la pratique.","breadcrumb":{"@id":"https:\/\/www.senemasli.com\/fr\/reponses-a-vos-questions\/#breadcrumb"},"inLanguage":"fr-FR","potentialAction":[{"@type":"ReadAction","target":["https:\/\/www.senemasli.com\/fr\/reponses-a-vos-questions\/"]}]},{"@type":"BreadcrumbList","@id":"https:\/\/www.senemasli.com\/fr\/reponses-a-vos-questions\/#breadcrumb","itemListElement":[{"@type":"ListItem","position":1,"name":"Anasayfa","item":"https:\/\/www.senemasli.com\/fr\/"},{"@type":"ListItem","position":2,"name":"R\u00e9ponses \u00e0 vos questions"}]},{"@type":"WebSite","@id":"https:\/\/www.senemasli.com\/fr\/#website","url":"https:\/\/www.senemasli.com\/fr\/","name":"Dentiste Senem Asl\u0131 Ek\u015fio\u011flu","description":"Bodrum","publisher":{"@id":"https:\/\/www.senemasli.com\/fr\/#organization"},"potentialAction":[{"@type":"SearchAction","target":{"@type":"EntryPoint","urlTemplate":"https:\/\/www.senemasli.com\/fr\/?s={search_term_string}"},"query-input":{"@type":"PropertyValueSpecification","valueRequired":true,"valueName":"search_term_string"}}],"inLanguage":"fr-FR"},{"@type":"Organization","@id":"https:\/\/www.senemasli.com\/fr\/#organization","name":"Dentiste Senem Asl\u0131 Ek\u015fio\u011flu - Bodrum, Mu\u011fla","url":"https:\/\/www.senemasli.com\/fr\/","logo":{"@type":"ImageObject","inLanguage":"fr-FR","@id":"https:\/\/www.senemasli.com\/fr\/#\/schema\/logo\/image\/","url":"https:\/\/www.senemasli.com\/wp-content\/uploads\/2021\/01\/logo.png","contentUrl":"https:\/\/www.senemasli.com\/wp-content\/uploads\/2021\/01\/logo.png","width":344,"height":120,"caption":"Dentiste Senem Asl\u0131 Ek\u015fio\u011flu - Bodrum, Mu\u011fla"},"image":{"@id":"https:\/\/www.senemasli.com\/fr\/#\/schema\/logo\/image\/"},"sameAs":["https:\/\/www.facebook.com\/D\u0130\u015e-HEK\u0130M\u0130-SENEM-ASLI-EK\u015e\u0130O\u011eLU-204782806266798","https:\/\/www.instagram.com\/snmazoid\/","https:\/\/www.linkedin.com\/in\/senem-asl\u0131-ek\u015fio\u011flu-350235204\/"]}]}},"_links":{"self":[{"href":"https:\/\/www.senemasli.com\/fr\/wp-json\/wp\/v2\/pages\/2690","targetHints":{"allow":["GET"]}}],"collection":[{"href":"https:\/\/www.senemasli.com\/fr\/wp-json\/wp\/v2\/pages"}],"about":[{"href":"https:\/\/www.senemasli.com\/fr\/wp-json\/wp\/v2\/types\/page"}],"author":[{"embeddable":true,"href":"https:\/\/www.senemasli.com\/fr\/wp-json\/wp\/v2\/users\/1"}],"replies":[{"embeddable":true,"href":"https:\/\/www.senemasli.com\/fr\/wp-json\/wp\/v2\/comments?post=2690"}],"version-history":[{"count":62,"href":"https:\/\/www.senemasli.com\/fr\/wp-json\/wp\/v2\/pages\/2690\/revisions"}],"predecessor-version":[{"id":4137,"href":"https:\/\/www.senemasli.com\/fr\/wp-json\/wp\/v2\/pages\/2690\/revisions\/4137"}],"wp:attachment":[{"href":"https:\/\/www.senemasli.com\/fr\/wp-json\/wp\/v2\/media?parent=2690"}],"curies":[{"name":"wp","href":"https:\/\/api.w.org\/{rel}","templated":true}]}}