{"id":2445,"date":"2021-01-27T22:29:48","date_gmt":"2021-01-27T19:29:48","guid":{"rendered":"https:\/\/www.senemasli.com\/apprendre-a-me-connaitre\/"},"modified":"2022-05-22T22:46:35","modified_gmt":"2022-05-22T19:46:35","slug":"apprendre-a-me-connaitre","status":"publish","type":"page","link":"https:\/\/www.senemasli.com\/fr\/apprendre-a-me-connaitre\/","title":{"rendered":"Apprendre \u00e0 me conna\u00eetre"},"content":{"rendered":"<p>[vc_row css=\u00a0\u00bb.vc_custom_1441619155187{margin-bottom: 50px !important;}\u00a0\u00bb][vc_column offset=\u00a0\u00bbvc_hidden-xs\u00a0\u00bb][rev_slider_vc alias=\u00a0\u00bbabout_us\u00a0\u00bb][\/vc_column][\/vc_row][vc_row css=\u00a0\u00bb.vc_custom_1441005495715{margin-bottom: 80px !important;}\u00a0\u00bb][vc_column offset=\u00a0\u00bbvc_col-lg-9 vc_col-md-9&Prime;][vc_column_text]<\/p>\n<h3 class=\"p1\">Qui suis je?<\/h3>\n<p class=\"p1\">Je suis n\u00e9 en 1984 \u00e0 Ankara. Mes \u00e9tudes primaires, secondaires et secondaires<strong> Coll\u00e8ge d&rsquo;Ankara Bee<\/strong> et<strong> Lyc\u00e9e scientifique Ar\u0131<\/strong> J&rsquo;ai termin\u00e9 en.<br \/>\n<strong>Facult\u00e9 de m\u00e9decine dentaire de l&rsquo;Universit\u00e9 d&rsquo;Ankara<\/strong> J&rsquo;ai obtenu mon dipl\u00f4me en 2007.<br \/>\n<strong>Sakarya Karasu<\/strong> J&rsquo;ai exploit\u00e9 mon propre cabinet en 2008-2020.<br \/>\n<strong>Mu\u011fla Bodrum en octobre 2020<\/strong> J&rsquo;ai ouvert mon cabinet en Je suis mari\u00e9 et j&rsquo;ai un enfant.<\/p>\n<p>[\/vc_column_text][vc_row_inner css=\u00a0\u00bb.vc_custom_1441003405335{margin-bottom: 0px !important;}\u00a0\u00bb][vc_column_inner][stm_image_carousel mode=\u00a0\u00bbhorizontal\u00a0\u00bb images_to_show=\u00a0\u00bb4&Prime; images_to_show_tablet=\u00a0\u00bb3&Prime; images_to_show_mobile=\u00a0\u00bb1&Prime; images=\u00a0\u00bb1426,1445,1444,1443,1442,1441,1440,1439,1438,1437,1436,1435,1434,1433,1432,1431,1430,1429,1428,1427,3889&Prime; title=\u00a0\u00bbCertificats de sp\u00e9cialisation\u00a0\u00bb title_color=\u00a0\u00bb#4c4c4c\u00a0\u00bb css=\u00a0\u00bb.vc_custom_1653248775944{margin-bottom: 50px !important;padding-top: 50px !important;padding-right: 40px !important;padding-bottom: 60px !important;padding-left: 40px !important;background-color: #f6f6f6 !important;}\u00a0\u00bb][\/vc_column_inner][\/vc_row_inner][vc_custom_heading text=\u00a0\u00bbMes sp\u00e9cialit\u00e9s &#8211; Formation et s\u00e9minaires\u00a0\u00bb font_container=\u00a0\u00bbtag:h3|text_align:left|color:%234c4c4c\u00a0\u00bb use_theme_fonts=\u00a0\u00bbyes\u00a0\u00bb css=\u00a0\u00bb.vc_custom_1610367957624{margin-bottom: 25px !important;}\u00a0\u00bb][vc_column_text]<\/p>\n<p class=\"p1\">Tout au long de ma vie professionnelle, j&rsquo;ai particip\u00e9 \u00e0 des s\u00e9minaires et congr\u00e8s dans les domaines qui m&rsquo;int\u00e9ressaient et j&rsquo;ai acquis une exp\u00e9rience avanc\u00e9e dans ces domaines. Vous pouvez lire ci-dessous quelques-unes des formations, s\u00e9minaires et congr\u00e8s auxquels j&rsquo;ai assist\u00e9.<\/p>\n<p>[\/vc_column_text][vc_column_text]<\/p>\n<ul class=\"checklist\">\n<li class=\"p1\"><span class=\"s1\">2007 &#8211; Facult\u00e9 de m\u00e9decine dentaire de l&rsquo;Universit\u00e9 d&rsquo;Ankara<\/span><\/li>\n<li>2007 &#8211; Facult\u00e9 de radiologie dentaire de l&rsquo;Universit\u00e9 d&rsquo;Ankara<\/li>\n<li>2009 &#8211; Antalya II. Implantologie Mutlu internationale<\/li>\n<li>2011 &#8211; DentE\u011fitim &#8211; Botox dentaire<\/li>\n<li>2011 &#8211; Congr\u00e8s ITI &#8211; Pr\u00e9cision en dentisterie implantaire<\/li>\n<li>2013 &#8211; Formation sur les implants EBI<\/li>\n<li>2013 &#8211; Formation de l&rsquo;Association d&rsquo;Orthodontie Clinique<\/li>\n<li>2014 &#8211; Br\u00e9sil Modal Instituto Orthodontics<\/li>\n<li>2014 &#8211; Institut modal d&rsquo;orthodontie d&rsquo;Istanbul<\/li>\n<li>2014 &#8211; TDB 2. Symposium de printemps<\/li>\n<li>2014 &#8211; Groupe d&rsquo;\u00e9dition de m\u00e9dias &#8211; S\u00e9minaire d&rsquo;orthodontie<\/li>\n<li>2015 &#8211; Groupe d&rsquo;\u00e9dition de m\u00e9dias Toxine botulique et agent de comblement cutan\u00e9<\/li>\n<li>2016 &#8211; The Academy of Dental and Medical Aesthetic &#8211; Advanced Dermal Filler Hands-on Training<\/li>\n<li>2016 &#8211; M\u00e9canique bioprogressive de l&rsquo;Institut modal d&rsquo;Istanbul<\/li>\n<li>2016 &#8211; Istanbul Faculdade Modal Bioprogressive<\/li>\n<li>2017 &#8211; Certificat de formation en dentisterie continue TDB<\/li>\n<li>2017 &#8211; Orthodontie modale Antalya Faculdade<\/li>\n<li>2019 &#8211; Creadenta &#8211; Ivoclar Vivadent &#8211; New Era dans les stratifi\u00e9s porcelaine<\/li>\n<li>2022 &#8211; BBK Organisation &#8211; Applications Orthodontiques et Esth\u00e9tique avec Plaques Transparentes<\/li>\n<\/ul>\n<p>[\/vc_column_text][\/vc_column][vc_column width=\u00a0\u00bb1\/4&Prime; offset=\u00a0\u00bbvc_hidden-sm vc_hidden-xs\u00a0\u00bb][stm_sidebar sidebar=\u00a0\u00bb2501&Prime;][\/vc_column][\/vc_row][vc_row full_width=\u00a0\u00bbstretch_row\u00a0\u00bb css=\u00a0\u00bb.vc_custom_1442990745769{margin-bottom: 0px !important;}\u00a0\u00bb el_class=\u00a0\u00bbbase_background_color\u00a0\u00bb][vc_column][vc_cta h2=\u00a0\u00bb\u00a0\u00bb h4=\u00a0\u00bbCliquez sur le bouton pour cr\u00e9er imm\u00e9diatement votre rendez-vous d&rsquo;examen en ligne.\u00a0\u00bb shape=\u00a0\u00bbsquare\u00a0\u00bb style=\u00a0\u00bbflat\u00a0\u00bb color=\u00a0\u00bbblue\u00a0\u00bb add_button=\u00a0\u00bbright\u00a0\u00bb btn_title=\u00a0\u00bbRendez-vous en ligne\u00a0\u00bb btn_style=\u00a0\u00bbflat\u00a0\u00bb btn_shape=\u00a0\u00bbround\u00a0\u00bb btn_color=\u00a0\u00bbwhite\u00a0\u00bb btn_link=\u00a0\u00bburl:https%3A%2F%2Fwww.senemasli.com%2Ffr%2Frendez-vous-en-ligne%2F|title:Rendez-vous%20en%20ligne\u00a0\u00bb][\/vc_cta][\/vc_column][\/vc_row]<\/p>\n","protected":false},"excerpt":{"rendered":"<p>[vc_row css=\u00a0\u00bb.vc_custom_1441619155187{margin-bottom: 50px !important;}\u00a0\u00bb][vc_column offset=\u00a0\u00bbvc_hidden-xs\u00a0\u00bb][rev_slider_vc alias=\u00a0\u00bbabout_us\u00a0\u00bb][\/vc_column][\/vc_row][vc_row css=\u00a0\u00bb.vc_custom_1441005495715{margin-bottom: 80px !important;}\u00a0\u00bb][vc_column offset=\u00a0\u00bbvc_col-lg-9 vc_col-md-9&Prime;][vc_column_text] Qui suis je? Je suis n\u00e9 en 1984 \u00e0 Ankara. Mes \u00e9tudes primaires, secondaires et secondaires Coll\u00e8ge d&rsquo;Ankara Bee et Lyc\u00e9e scientifique Ar\u0131 J&rsquo;ai termin\u00e9 en. Facult\u00e9 de m\u00e9decine dentaire de l&rsquo;Universit\u00e9 d&rsquo;Ankara J&rsquo;ai obtenu mon dipl\u00f4me en 2007. Sakarya Karasu J&rsquo;ai exploit\u00e9 mon&#8230;<\/p>\n","protected":false},"author":1,"featured_media":0,"parent":0,"menu_order":0,"comment_status":"closed","ping_status":"closed","template":"","meta":{"footnotes":""},"class_list":["post-2445","page","type-page","status-publish","hentry"],"yoast_head":"<!-- This site is optimized with the Yoast SEO plugin v24.2 - https:\/\/yoast.com\/wordpress\/plugins\/seo\/ -->\n<title>Apprendre \u00e0 me conna\u00eetre - Dentiste Senem Asl\u0131 Ek\u015fio\u011flu<\/title>\n<meta name=\"description\" content=\"Dentiste Senem Asl\u0131 Ek\u015fio\u011flu, avec 14 ans d&#039;exp\u00e9rience \u00e0 Bodrum, orthodontie, implant, porcelaine de zirconium, traitement de porcelaine de feuille.\" \/>\n<meta name=\"robots\" content=\"index, follow, max-snippet:-1, max-image-preview:large, max-video-preview:-1\" \/>\n<link rel=\"canonical\" href=\"https:\/\/www.senemasli.com\/fr\/apprendre-a-me-connaitre\/\" \/>\n<meta property=\"og:locale\" content=\"fr_FR\" \/>\n<meta property=\"og:type\" content=\"article\" \/>\n<meta property=\"og:title\" content=\"Connaissez-moi | Dentiste Senem Asl\u0131 Ek\u015fio\u011flu\" \/>\n<meta property=\"og:description\" content=\"Dentiste Senem Asl\u0131 Ek\u015fio\u011flu, avec 14 ans d&#039;exp\u00e9rience \u00e0 Bodrum, orthodontie, implant, porcelaine de zirconium, traitement de porcelaine de feuille.\" \/>\n<meta property=\"og:url\" content=\"https:\/\/www.senemasli.com\/fr\/apprendre-a-me-connaitre\/\" \/>\n<meta property=\"og:site_name\" content=\"Dentiste Senem Asl\u0131 Ek\u015fio\u011flu\" \/>\n<meta property=\"article:publisher\" content=\"https:\/\/www.facebook.com\/D%c4%b0%c5%9e-HEK%c4%b0M%c4%b0-SENEM-ASLI-EK%c5%9e%c4%b0O%c4%9eLU-204782806266798\" \/>\n<meta property=\"article:modified_time\" content=\"2022-05-22T19:46:35+00:00\" \/>\n<meta property=\"og:image\" content=\"https:\/\/www.senemasli.com\/wp-content\/uploads\/2021\/01\/dis-hekimi-senem-asli-eksioglu-bodrum-cover.jpg\" \/>\n<meta name=\"twitter:card\" content=\"summary_large_image\" \/>\n<meta name=\"twitter:title\" content=\"Connaissez-moi | Dentiste Senem Asl\u0131 Ek\u015fio\u011flu\" \/>\n<meta name=\"twitter:description\" content=\"Dentiste Senem Asl\u0131 Ek\u015fio\u011flu, avec 14 ans d&#039;exp\u00e9rience \u00e0 Bodrum, orthodontie, implant, porcelaine de zirconium, traitement de porcelaine de feuille.\" \/>\n<meta name=\"twitter:image\" content=\"https:\/\/www.senemasli.com\/wp-content\/uploads\/2021\/01\/dis-hekimi-senem-asli-eksioglu-bodrum-cover.jpg\" \/>\n<meta name=\"twitter:label1\" content=\"Dur\u00e9e de lecture estim\u00e9e\" \/>\n\t<meta name=\"twitter:data1\" content=\"2 minutes\" \/>\n<script type=\"application\/ld+json\" class=\"yoast-schema-graph\">{\"@context\":\"https:\/\/schema.org\",\"@graph\":[{\"@type\":\"WebPage\",\"@id\":\"https:\/\/www.senemasli.com\/fr\/apprendre-a-me-connaitre\/\",\"url\":\"https:\/\/www.senemasli.com\/fr\/apprendre-a-me-connaitre\/\",\"name\":\"Apprendre \u00e0 me conna\u00eetre - Dentiste Senem Asl\u0131 Ek\u015fio\u011flu\",\"isPartOf\":{\"@id\":\"https:\/\/www.senemasli.com\/fr\/#website\"},\"datePublished\":\"2021-01-27T19:29:48+00:00\",\"dateModified\":\"2022-05-22T19:46:35+00:00\",\"description\":\"Dentiste Senem Asl\u0131 Ek\u015fio\u011flu, avec 14 ans d'exp\u00e9rience \u00e0 Bodrum, orthodontie, implant, porcelaine de zirconium, traitement de porcelaine de feuille.\",\"breadcrumb\":{\"@id\":\"https:\/\/www.senemasli.com\/fr\/apprendre-a-me-connaitre\/#breadcrumb\"},\"inLanguage\":\"fr-FR\",\"potentialAction\":[{\"@type\":\"ReadAction\",\"target\":[\"https:\/\/www.senemasli.com\/fr\/apprendre-a-me-connaitre\/\"]}]},{\"@type\":\"BreadcrumbList\",\"@id\":\"https:\/\/www.senemasli.com\/fr\/apprendre-a-me-connaitre\/#breadcrumb\",\"itemListElement\":[{\"@type\":\"ListItem\",\"position\":1,\"name\":\"Anasayfa\",\"item\":\"https:\/\/www.senemasli.com\/fr\/\"},{\"@type\":\"ListItem\",\"position\":2,\"name\":\"Apprendre \u00e0 me conna\u00eetre\"}]},{\"@type\":\"WebSite\",\"@id\":\"https:\/\/www.senemasli.com\/fr\/#website\",\"url\":\"https:\/\/www.senemasli.com\/fr\/\",\"name\":\"Dentiste Senem Asl\u0131 Ek\u015fio\u011flu\",\"description\":\"Bodrum\",\"publisher\":{\"@id\":\"https:\/\/www.senemasli.com\/fr\/#organization\"},\"potentialAction\":[{\"@type\":\"SearchAction\",\"target\":{\"@type\":\"EntryPoint\",\"urlTemplate\":\"https:\/\/www.senemasli.com\/fr\/?s={search_term_string}\"},\"query-input\":{\"@type\":\"PropertyValueSpecification\",\"valueRequired\":true,\"valueName\":\"search_term_string\"}}],\"inLanguage\":\"fr-FR\"},{\"@type\":\"Organization\",\"@id\":\"https:\/\/www.senemasli.com\/fr\/#organization\",\"name\":\"Dentiste Senem Asl\u0131 Ek\u015fio\u011flu - Bodrum, Mu\u011fla\",\"url\":\"https:\/\/www.senemasli.com\/fr\/\",\"logo\":{\"@type\":\"ImageObject\",\"inLanguage\":\"fr-FR\",\"@id\":\"https:\/\/www.senemasli.com\/fr\/#\/schema\/logo\/image\/\",\"url\":\"https:\/\/www.senemasli.com\/wp-content\/uploads\/2021\/01\/logo.png\",\"contentUrl\":\"https:\/\/www.senemasli.com\/wp-content\/uploads\/2021\/01\/logo.png\",\"width\":344,\"height\":120,\"caption\":\"Dentiste Senem Asl\u0131 Ek\u015fio\u011flu - Bodrum, Mu\u011fla\"},\"image\":{\"@id\":\"https:\/\/www.senemasli.com\/fr\/#\/schema\/logo\/image\/\"},\"sameAs\":[\"https:\/\/www.facebook.com\/D\u0130\u015e-HEK\u0130M\u0130-SENEM-ASLI-EK\u015e\u0130O\u011eLU-204782806266798\",\"https:\/\/www.instagram.com\/snmazoid\/\",\"https:\/\/www.linkedin.com\/in\/senem-asl\u0131-ek\u015fio\u011flu-350235204\/\"]}]}<\/script>\n<!-- \/ Yoast SEO plugin. -->","yoast_head_json":{"title":"Apprendre \u00e0 me conna\u00eetre - Dentiste Senem Asl\u0131 Ek\u015fio\u011flu","description":"Dentiste Senem Asl\u0131 Ek\u015fio\u011flu, avec 14 ans d'exp\u00e9rience \u00e0 Bodrum, orthodontie, implant, porcelaine de zirconium, traitement de porcelaine de feuille.","robots":{"index":"index","follow":"follow","max-snippet":"max-snippet:-1","max-image-preview":"max-image-preview:large","max-video-preview":"max-video-preview:-1"},"canonical":"https:\/\/www.senemasli.com\/fr\/apprendre-a-me-connaitre\/","og_locale":"fr_FR","og_type":"article","og_title":"Connaissez-moi | Dentiste Senem Asl\u0131 Ek\u015fio\u011flu","og_description":"Dentiste Senem Asl\u0131 Ek\u015fio\u011flu, avec 14 ans d'exp\u00e9rience \u00e0 Bodrum, orthodontie, implant, porcelaine de zirconium, traitement de porcelaine de feuille.","og_url":"https:\/\/www.senemasli.com\/fr\/apprendre-a-me-connaitre\/","og_site_name":"Dentiste Senem Asl\u0131 Ek\u015fio\u011flu","article_publisher":"https:\/\/www.facebook.com\/D%c4%b0%c5%9e-HEK%c4%b0M%c4%b0-SENEM-ASLI-EK%c5%9e%c4%b0O%c4%9eLU-204782806266798","article_modified_time":"2022-05-22T19:46:35+00:00","og_image":[{"url":"https:\/\/www.senemasli.com\/wp-content\/uploads\/2021\/01\/dis-hekimi-senem-asli-eksioglu-bodrum-cover.jpg","type":"","width":"","height":""}],"twitter_card":"summary_large_image","twitter_title":"Connaissez-moi | Dentiste Senem Asl\u0131 Ek\u015fio\u011flu","twitter_description":"Dentiste Senem Asl\u0131 Ek\u015fio\u011flu, avec 14 ans d'exp\u00e9rience \u00e0 Bodrum, orthodontie, implant, porcelaine de zirconium, traitement de porcelaine de feuille.","twitter_image":"https:\/\/www.senemasli.com\/wp-content\/uploads\/2021\/01\/dis-hekimi-senem-asli-eksioglu-bodrum-cover.jpg","twitter_misc":{"Dur\u00e9e de lecture estim\u00e9e":"2 minutes"},"schema":{"@context":"https:\/\/schema.org","@graph":[{"@type":"WebPage","@id":"https:\/\/www.senemasli.com\/fr\/apprendre-a-me-connaitre\/","url":"https:\/\/www.senemasli.com\/fr\/apprendre-a-me-connaitre\/","name":"Apprendre \u00e0 me conna\u00eetre - Dentiste Senem Asl\u0131 Ek\u015fio\u011flu","isPartOf":{"@id":"https:\/\/www.senemasli.com\/fr\/#website"},"datePublished":"2021-01-27T19:29:48+00:00","dateModified":"2022-05-22T19:46:35+00:00","description":"Dentiste Senem Asl\u0131 Ek\u015fio\u011flu, avec 14 ans d'exp\u00e9rience \u00e0 Bodrum, orthodontie, implant, porcelaine de zirconium, traitement de porcelaine de feuille.","breadcrumb":{"@id":"https:\/\/www.senemasli.com\/fr\/apprendre-a-me-connaitre\/#breadcrumb"},"inLanguage":"fr-FR","potentialAction":[{"@type":"ReadAction","target":["https:\/\/www.senemasli.com\/fr\/apprendre-a-me-connaitre\/"]}]},{"@type":"BreadcrumbList","@id":"https:\/\/www.senemasli.com\/fr\/apprendre-a-me-connaitre\/#breadcrumb","itemListElement":[{"@type":"ListItem","position":1,"name":"Anasayfa","item":"https:\/\/www.senemasli.com\/fr\/"},{"@type":"ListItem","position":2,"name":"Apprendre \u00e0 me conna\u00eetre"}]},{"@type":"WebSite","@id":"https:\/\/www.senemasli.com\/fr\/#website","url":"https:\/\/www.senemasli.com\/fr\/","name":"Dentiste Senem Asl\u0131 Ek\u015fio\u011flu","description":"Bodrum","publisher":{"@id":"https:\/\/www.senemasli.com\/fr\/#organization"},"potentialAction":[{"@type":"SearchAction","target":{"@type":"EntryPoint","urlTemplate":"https:\/\/www.senemasli.com\/fr\/?s={search_term_string}"},"query-input":{"@type":"PropertyValueSpecification","valueRequired":true,"valueName":"search_term_string"}}],"inLanguage":"fr-FR"},{"@type":"Organization","@id":"https:\/\/www.senemasli.com\/fr\/#organization","name":"Dentiste Senem Asl\u0131 Ek\u015fio\u011flu - Bodrum, Mu\u011fla","url":"https:\/\/www.senemasli.com\/fr\/","logo":{"@type":"ImageObject","inLanguage":"fr-FR","@id":"https:\/\/www.senemasli.com\/fr\/#\/schema\/logo\/image\/","url":"https:\/\/www.senemasli.com\/wp-content\/uploads\/2021\/01\/logo.png","contentUrl":"https:\/\/www.senemasli.com\/wp-content\/uploads\/2021\/01\/logo.png","width":344,"height":120,"caption":"Dentiste Senem Asl\u0131 Ek\u015fio\u011flu - Bodrum, Mu\u011fla"},"image":{"@id":"https:\/\/www.senemasli.com\/fr\/#\/schema\/logo\/image\/"},"sameAs":["https:\/\/www.facebook.com\/D\u0130\u015e-HEK\u0130M\u0130-SENEM-ASLI-EK\u015e\u0130O\u011eLU-204782806266798","https:\/\/www.instagram.com\/snmazoid\/","https:\/\/www.linkedin.com\/in\/senem-asl\u0131-ek\u015fio\u011flu-350235204\/"]}]}},"_links":{"self":[{"href":"https:\/\/www.senemasli.com\/fr\/wp-json\/wp\/v2\/pages\/2445","targetHints":{"allow":["GET"]}}],"collection":[{"href":"https:\/\/www.senemasli.com\/fr\/wp-json\/wp\/v2\/pages"}],"about":[{"href":"https:\/\/www.senemasli.com\/fr\/wp-json\/wp\/v2\/types\/page"}],"author":[{"embeddable":true,"href":"https:\/\/www.senemasli.com\/fr\/wp-json\/wp\/v2\/users\/1"}],"replies":[{"embeddable":true,"href":"https:\/\/www.senemasli.com\/fr\/wp-json\/wp\/v2\/comments?post=2445"}],"version-history":[{"count":9,"href":"https:\/\/www.senemasli.com\/fr\/wp-json\/wp\/v2\/pages\/2445\/revisions"}],"predecessor-version":[{"id":3909,"href":"https:\/\/www.senemasli.com\/fr\/wp-json\/wp\/v2\/pages\/2445\/revisions\/3909"}],"wp:attachment":[{"href":"https:\/\/www.senemasli.com\/fr\/wp-json\/wp\/v2\/media?parent=2445"}],"curies":[{"name":"wp","href":"https:\/\/api.w.org\/{rel}","templated":true}]}}