{"id":2703,"date":"2021-01-28T07:21:16","date_gmt":"2021-01-28T04:21:16","guid":{"rendered":"https:\/\/www.senemasli.com\/antworten-auf-ihre-fragen\/"},"modified":"2024-12-18T01:48:28","modified_gmt":"2024-12-17T22:48:28","slug":"antworten-auf-ihre-fragen","status":"publish","type":"page","link":"https:\/\/www.senemasli.com\/de\/antworten-auf-ihre-fragen\/","title":{"rendered":"Antworten auf Ihre Fragen"},"content":{"rendered":"<p>[vc_row][vc_column offset=&#8220;vc_col-lg-9 vc_col-md-9&#8243;][vc_tta_accordion style=&#8220;flat&#8220; shape=&#8220;square&#8220; color=&#8220;blue&#8220; c_position=&#8220;right&#8220; active_section=&#8220;1&#8243; no_fill=&#8220;true&#8220;][vc_tta_section title=&#8220;Welche Erfahrungen haben Sie in Ihrem Beruf gemacht?&#8220; tab_id=&#8220;1441693041782-ffce51b8-b370&#8243;][vc_column_text]Ich habe <strong>2007 meinen Abschluss an der Fakult\u00e4t f\u00fcr Zahnmedizin der Universit\u00e4t Ankara gemacht.<\/strong><\/p>\n<p>Meine eigene Praxis habe ich <strong>2008 in Sakarya Karasu er\u00f6ffnet und bis September 2020 gef\u00fchrt.<\/strong><\/p>\n<p>Ich habe regelm\u00e4\u00dfig die technologischen Entwicklungen in Bezug auf meinen Beruf verfolgt und mich erneuert. <strong>In meiner 19-j\u00e4hrigen zahnmedizinischen<\/strong> Erfahrung nach dem Abschluss spezialisierte ich mich auf viele verschiedene Bereiche und begann, meinen Patienten in einem breiten Spektrum zu dienen.<\/p>\n<p><strong>Ich bin im Oktober 2020 nach Bodrum, Mu\u011fla<\/strong> gezogen. Jetzt betreue ich meine Patienten in meiner eigenen Praxis in Bodrum.[\/vc_column_text][\/vc_tta_section][vc_tta_section title=&#8220;Auf welche Bereiche haben Sie sich spezialisiert?&#8220; tab_id=&#8220;1441693329202-fa853d76-f1a0&#8243;][vc_column_text]<\/p>\n<p class=\"p1\">Ich habe mich besonders im Bereich <strong><a href=\"https:\/\/www.senemasli.com\/de\/dienstleistungen\/kieferorthopaedie-invisalign\/\">Kieferorthop\u00e4die<\/a>. <\/strong>Viele Zahn\u00e4rzte lagern kieferorthop\u00e4dische Dienstleistungen aus. Allerdings biete ich mit meiner erhaltenen Ausbildung und meinem Spezialisierungsstudium in diesem Bereich kieferorthop\u00e4dische Leistungen in meiner eigenen Praxis inklusive Untersuchung an. Mit der Erstuntersuchung ermittle ich Ihre Behandlung und wende diese Langzeitbehandlung von A-Z an.<\/p>\n<p>Meine weiteren Spezialgebiete sind <strong><a href=\"https:\/\/www.senemasli.com\/de\/dienstleistungen\/zahnimplantate\/\">Implantatbehandlung<\/a><\/strong>, <strong><a href=\"https:\/\/www.senemasli.com\/de\/dienstleistungen\/laminat-veener-blattporzellan\/\">Laminat Veener (Blattporzellan)<\/a><\/strong>, <strong><a href=\"https:\/\/www.senemasli.com\/de\/dienstleistungen\/zirkoniumporzellan\/\">Zirkonporzellan<\/a><\/strong>, <strong><a href=\"https:\/\/www.senemasli.com\/de\/dienstleistungen\/paediatrische-kieferorthopaedie\/\"> Es gibt Behandlungen wie Kinderkinnorthop\u00e4die<\/a><\/strong>,<strong> Kaumuskel-Botox-Anwendung<\/strong>. Tats\u00e4chlich kann ich sagen, dass ich jeden Bereich, in dem mir die Zahnheilkunde Autorit\u00e4t gibt, ohne Diskriminierung aus\u00fcbe. Sie k\u00f6nnen alle Dienstleistungen, die ich meinen Patienten anbiete, <strong><a href=\"\/de\/dienstleistungen\/\">auf dieser Seite<\/a><\/strong> einsehen.[\/vc_column_text][\/vc_tta_section][vc_tta_section title=&#8220;Welche Behandlungen f\u00fchren Sie in Ihrer Praxis durch?&#8220; tab_id=&#8220;1441693340077-5efcc767-f263&#8243;][vc_column_text]<strong><a href=\"https:\/\/www.senemasli.com\/de\/dienstleistungen\/kieferorthopaedie-invisalign\/\">Kieferorthop\u00e4dische Behandlungen<\/a>, <a href=\"https:\/\/www.senemasli.com\/de\/dienstleistungen\/kieferorthopaedie-invisalign\/\">Invisalign (Kieferorthop\u00e4die mit transparenten Schienen)<\/a><\/strong>, <strong><a href=\"https:\/\/www.senemasli.com\/de\/dienstleistungen\/konservative-behandlungen\/\">konservative Behandlungen<\/a>,<\/strong> (F\u00fcllung, Wurzelkanalbehandlung), <strong><a href=\"https:\/\/www.senemasli.com\/de\/dienstleistungen\/zahnimplantate\/\">Implantatchirurgie<\/a>, <strong><a href=\"https:\/\/www.senemasli.com\/de\/dienstleistungen\/zirkoniumporzellan\/\">Zirkonporzellan<\/a><\/strong>, <strong><a href=\"https:\/\/www.senemasli.com\/de\/dienstleistungen\/laminat-veener-blattporzellan\/\">Laminat-Furnier<\/a><\/strong> (Blattporzellan) und Smile-Design, <strong><a href=\"https:\/\/www.senemasli.com\/de\/dienstleistungen\/zahnfleischerkrankungen\/\">Zahnfleischerkrankungen<\/a><\/strong> Behandlung, <strong><a href=\"https:\/\/www.senemasli.com\/de\/dienstleistungen\/paediatrische-kieferorthopaedie\/\">Kinderkieferorthop\u00e4die<\/a> <\/strong>(funktionelle Orthop\u00e4die), <strong><a href=\"https:\/\/www.senemasli.com\/de\/dienstleistungen\/gelenk-und-anziehprobleme\/\">Behandlung von Gelenk- und Pressproblemen<\/a><\/strong> geh\u00f6rt zu meinen Dienstleistungen.<\/strong>[\/vc_column_text][\/vc_tta_section][vc_tta_section title=&#8220;Wie kann ich einen Termin vereinbaren?&#8220; tab_id=&#8220;1441693350195-d7ab9701-63c3&#8243;][vc_column_text]Auf meiner Website<strong><a href=\"https:\/\/www.senemasli.com\/de\/online-termin\/\"> von hier<\/a><\/strong> Sie k\u00f6nnen einen Online-Termin erstellen. Wenn Sie m\u00f6chten, k\u00f6nnen Sie Ihren Termin auch vereinbaren, indem Sie mich \u00fcber die WhatsApp-Leitung, das Mobiltelefon oder die Festnetznummer auf der Website kontaktieren.[\/vc_column_text][\/vc_tta_section][vc_tta_section title=&#8220;Kann ich meine Behandlung mit Kreditkarte bezahlen?&#8220; tab_id=&#8220;1441693392479-0dbb1317-81a9&#8243;][vc_column_text]<\/p>\n<p class=\"p1\">Ja, Sie k\u00f6nnen Ihre Zahlungen per Kreditkarte in bar oder in Raten mit einem Laufzeitunterschied vornehmen.<\/p>\n<p>[\/vc_column_text][\/vc_tta_section][vc_tta_section title=&#8220;Was sind Ihre Kovid-19-Ma\u00dfnahmen?&#8220; tab_id=&#8220;1610736609606-e91a450d-9fe6&#8243;][vc_column_text]<\/p>\n<p class=\"p1\">In meiner Praxis<strong><a href=\"https:\/\/www.fakirstore.com.tr\/fakir-hypo-clean\" target=\"_blank\" rel=\"noopener\"> Fakirs Hypo Clean<\/a><\/strong> Ich benutze dein Ger\u00e4t. Dieses Ger\u00e4t bietet eine effektive Desinfektion nur mit Wasser und Salz. Wir spr\u00fchen die Fl\u00fcssigkeit im Ger\u00e4t vom Haar bis zum Fu\u00df auf jeden Patienten, der eintritt, und spr\u00fchen sie auch in die Luft und \u00fcberall dort, wo der Patient sie ber\u00fchrt.<\/p>\n<p>Am Eingang der Inspektion<strong> Handdesinfektionsmittel<\/strong> hat. Doppelmaske w\u00e4hrend der Behandlung und Untersuchung<strong> (N95 \/ ffp2)<\/strong> und<strong> Visier<\/strong> Ich benutze. Unsere Sitzeinheiten<strong> Einweg<\/strong> und f\u00fcr jeden Patienten wird ein neuer verwendet. Auch habe ich w\u00e4hrend der Behandlung verwendet<strong> schwarze Sch\u00fcrze Einweg<\/strong> Ich \u00e4ndere es bei jedem Patienten.[\/vc_column_text][\/vc_tta_section][\/vc_tta_accordion][\/vc_column][vc_column width=&#8220;1\/4&#8243; offset=&#8220;vc_hidden-sm vc_hidden-xs&#8220;][stm_sidebar sidebar=&#8220;2502&#8243;][\/vc_column][\/vc_row]<\/p>\n","protected":false},"excerpt":{"rendered":"<p>[vc_row][vc_column offset=&#8220;vc_col-lg-9 vc_col-md-9&#8243;][vc_tta_accordion style=&#8220;flat&#8220; shape=&#8220;square&#8220; color=&#8220;blue&#8220; c_position=&#8220;right&#8220; active_section=&#8220;1&#8243; no_fill=&#8220;true&#8220;][vc_tta_section title=&#8220;Welche Erfahrungen haben Sie in Ihrem Beruf gemacht?&#8220; tab_id=&#8220;1441693041782-ffce51b8-b370&#8243;][vc_column_text]Ich habe 2007 meinen Abschluss an der Fakult\u00e4t f\u00fcr Zahnmedizin der Universit\u00e4t Ankara gemacht. Meine eigene Praxis habe ich 2008 in Sakarya Karasu er\u00f6ffnet und bis September 2020 gef\u00fchrt. Ich habe regelm\u00e4\u00dfig die technologischen Entwicklungen in Bezug auf&#8230;<\/p>\n","protected":false},"author":1,"featured_media":0,"parent":0,"menu_order":0,"comment_status":"closed","ping_status":"closed","template":"","meta":{"footnotes":""},"class_list":["post-2703","page","type-page","status-publish","hentry"],"yoast_head":"<!-- This site is optimized with the Yoast SEO plugin v24.2 - https:\/\/yoast.com\/wordpress\/plugins\/seo\/ -->\n<title>Antworten auf Ihre Fragen - Zahn\u00e4rztin Senem Asl\u0131 Ek\u015fio\u011flu<\/title>\n<meta name=\"description\" content=\"Zahn\u00e4rztin Senem Asl\u0131 Ek\u015fio\u011flu Bodrum, Mu\u011fla. Antworten auf Ihre Fragen zu Termin, Pr\u00fcfung und Praxis.\" \/>\n<meta name=\"robots\" content=\"index, follow, max-snippet:-1, max-image-preview:large, max-video-preview:-1\" \/>\n<link rel=\"canonical\" href=\"https:\/\/www.senemasli.com\/de\/antworten-auf-ihre-fragen\/\" \/>\n<meta property=\"og:locale\" content=\"de_DE\" \/>\n<meta property=\"og:type\" content=\"article\" \/>\n<meta property=\"og:title\" content=\"Antworten auf Ihre Fragen | Zahn\u00e4rztin Senem Asl\u0131 Ek\u015fio\u011flu\" \/>\n<meta property=\"og:description\" content=\"Zahn\u00e4rztin Senem Asl\u0131 Ek\u015fio\u011flu Bodrum, Mu\u011fla. Antworten auf Ihre Fragen zu Termin, Pr\u00fcfung und Praxis.\" \/>\n<meta property=\"og:url\" content=\"https:\/\/www.senemasli.com\/de\/antworten-auf-ihre-fragen\/\" \/>\n<meta property=\"og:site_name\" content=\"Zahn\u00e4rztin Senem Asl\u0131 Ek\u015fio\u011flu\" \/>\n<meta property=\"article:publisher\" content=\"https:\/\/www.facebook.com\/D%c4%b0%c5%9e-HEK%c4%b0M%c4%b0-SENEM-ASLI-EK%c5%9e%c4%b0O%c4%9eLU-204782806266798\" \/>\n<meta property=\"article:modified_time\" content=\"2024-12-17T22:48:28+00:00\" \/>\n<meta property=\"og:image\" content=\"https:\/\/www.senemasli.com\/wp-content\/uploads\/2021\/01\/01-dis-hekimi-senem-asli-eksioglu-bodrum-mugla-muayenehane.jpg\" \/>\n<meta name=\"twitter:card\" content=\"summary_large_image\" \/>\n<meta name=\"twitter:title\" content=\"Antworten auf Ihre Fragen | Zahn\u00e4rztin Senem Asl\u0131 Ek\u015fio\u011flu\" \/>\n<meta name=\"twitter:description\" content=\"Zahn\u00e4rztin Senem Asl\u0131 Ek\u015fio\u011flu Bodrum, Mu\u011fla. Antworten auf Ihre Fragen zu Termin, Pr\u00fcfung und Praxis.\" \/>\n<meta name=\"twitter:image\" content=\"https:\/\/www.senemasli.com\/wp-content\/uploads\/2021\/01\/01-dis-hekimi-senem-asli-eksioglu-bodrum-mugla-muayenehane.jpg\" \/>\n<meta name=\"twitter:label1\" content=\"Gesch\u00e4tzte Lesezeit\" \/>\n\t<meta name=\"twitter:data1\" content=\"3\u00a0Minuten\" \/>\n<script type=\"application\/ld+json\" class=\"yoast-schema-graph\">{\"@context\":\"https:\/\/schema.org\",\"@graph\":[{\"@type\":\"WebPage\",\"@id\":\"https:\/\/www.senemasli.com\/de\/antworten-auf-ihre-fragen\/\",\"url\":\"https:\/\/www.senemasli.com\/de\/antworten-auf-ihre-fragen\/\",\"name\":\"Antworten auf Ihre Fragen - Zahn\u00e4rztin Senem Asl\u0131 Ek\u015fio\u011flu\",\"isPartOf\":{\"@id\":\"https:\/\/www.senemasli.com\/de\/#website\"},\"datePublished\":\"2021-01-28T04:21:16+00:00\",\"dateModified\":\"2024-12-17T22:48:28+00:00\",\"description\":\"Zahn\u00e4rztin Senem Asl\u0131 Ek\u015fio\u011flu Bodrum, Mu\u011fla. Antworten auf Ihre Fragen zu Termin, Pr\u00fcfung und Praxis.\",\"breadcrumb\":{\"@id\":\"https:\/\/www.senemasli.com\/de\/antworten-auf-ihre-fragen\/#breadcrumb\"},\"inLanguage\":\"de\",\"potentialAction\":[{\"@type\":\"ReadAction\",\"target\":[\"https:\/\/www.senemasli.com\/de\/antworten-auf-ihre-fragen\/\"]}]},{\"@type\":\"BreadcrumbList\",\"@id\":\"https:\/\/www.senemasli.com\/de\/antworten-auf-ihre-fragen\/#breadcrumb\",\"itemListElement\":[{\"@type\":\"ListItem\",\"position\":1,\"name\":\"Anasayfa\",\"item\":\"https:\/\/www.senemasli.com\/de\/\"},{\"@type\":\"ListItem\",\"position\":2,\"name\":\"Antworten auf Ihre Fragen\"}]},{\"@type\":\"WebSite\",\"@id\":\"https:\/\/www.senemasli.com\/de\/#website\",\"url\":\"https:\/\/www.senemasli.com\/de\/\",\"name\":\"Zahn\u00e4rztin Senem Asl\u0131 Ek\u015fio\u011flu\",\"description\":\"Bodrum\",\"publisher\":{\"@id\":\"https:\/\/www.senemasli.com\/de\/#organization\"},\"potentialAction\":[{\"@type\":\"SearchAction\",\"target\":{\"@type\":\"EntryPoint\",\"urlTemplate\":\"https:\/\/www.senemasli.com\/de\/?s={search_term_string}\"},\"query-input\":{\"@type\":\"PropertyValueSpecification\",\"valueRequired\":true,\"valueName\":\"search_term_string\"}}],\"inLanguage\":\"de\"},{\"@type\":\"Organization\",\"@id\":\"https:\/\/www.senemasli.com\/de\/#organization\",\"name\":\"Zahn\u00e4rztin Senem Asl\u0131 Ek\u015fio\u011flu - Bodrum, Mu\u011fla\",\"url\":\"https:\/\/www.senemasli.com\/de\/\",\"logo\":{\"@type\":\"ImageObject\",\"inLanguage\":\"de\",\"@id\":\"https:\/\/www.senemasli.com\/de\/#\/schema\/logo\/image\/\",\"url\":\"https:\/\/www.senemasli.com\/wp-content\/uploads\/2021\/01\/logo.png\",\"contentUrl\":\"https:\/\/www.senemasli.com\/wp-content\/uploads\/2021\/01\/logo.png\",\"width\":344,\"height\":120,\"caption\":\"Zahn\u00e4rztin Senem Asl\u0131 Ek\u015fio\u011flu - Bodrum, Mu\u011fla\"},\"image\":{\"@id\":\"https:\/\/www.senemasli.com\/de\/#\/schema\/logo\/image\/\"},\"sameAs\":[\"https:\/\/www.facebook.com\/D\u0130\u015e-HEK\u0130M\u0130-SENEM-ASLI-EK\u015e\u0130O\u011eLU-204782806266798\",\"https:\/\/www.instagram.com\/snmazoid\/\",\"https:\/\/www.linkedin.com\/in\/senem-asl\u0131-ek\u015fio\u011flu-350235204\/\"]}]}<\/script>\n<!-- \/ Yoast SEO plugin. -->","yoast_head_json":{"title":"Antworten auf Ihre Fragen - Zahn\u00e4rztin Senem Asl\u0131 Ek\u015fio\u011flu","description":"Zahn\u00e4rztin Senem Asl\u0131 Ek\u015fio\u011flu Bodrum, Mu\u011fla. Antworten auf Ihre Fragen zu Termin, Pr\u00fcfung und Praxis.","robots":{"index":"index","follow":"follow","max-snippet":"max-snippet:-1","max-image-preview":"max-image-preview:large","max-video-preview":"max-video-preview:-1"},"canonical":"https:\/\/www.senemasli.com\/de\/antworten-auf-ihre-fragen\/","og_locale":"de_DE","og_type":"article","og_title":"Antworten auf Ihre Fragen | Zahn\u00e4rztin Senem Asl\u0131 Ek\u015fio\u011flu","og_description":"Zahn\u00e4rztin Senem Asl\u0131 Ek\u015fio\u011flu Bodrum, Mu\u011fla. Antworten auf Ihre Fragen zu Termin, Pr\u00fcfung und Praxis.","og_url":"https:\/\/www.senemasli.com\/de\/antworten-auf-ihre-fragen\/","og_site_name":"Zahn\u00e4rztin Senem Asl\u0131 Ek\u015fio\u011flu","article_publisher":"https:\/\/www.facebook.com\/D%c4%b0%c5%9e-HEK%c4%b0M%c4%b0-SENEM-ASLI-EK%c5%9e%c4%b0O%c4%9eLU-204782806266798","article_modified_time":"2024-12-17T22:48:28+00:00","og_image":[{"url":"https:\/\/www.senemasli.com\/wp-content\/uploads\/2021\/01\/01-dis-hekimi-senem-asli-eksioglu-bodrum-mugla-muayenehane.jpg","type":"","width":"","height":""}],"twitter_card":"summary_large_image","twitter_title":"Antworten auf Ihre Fragen | Zahn\u00e4rztin Senem Asl\u0131 Ek\u015fio\u011flu","twitter_description":"Zahn\u00e4rztin Senem Asl\u0131 Ek\u015fio\u011flu Bodrum, Mu\u011fla. Antworten auf Ihre Fragen zu Termin, Pr\u00fcfung und Praxis.","twitter_image":"https:\/\/www.senemasli.com\/wp-content\/uploads\/2021\/01\/01-dis-hekimi-senem-asli-eksioglu-bodrum-mugla-muayenehane.jpg","twitter_misc":{"Gesch\u00e4tzte Lesezeit":"3\u00a0Minuten"},"schema":{"@context":"https:\/\/schema.org","@graph":[{"@type":"WebPage","@id":"https:\/\/www.senemasli.com\/de\/antworten-auf-ihre-fragen\/","url":"https:\/\/www.senemasli.com\/de\/antworten-auf-ihre-fragen\/","name":"Antworten auf Ihre Fragen - Zahn\u00e4rztin Senem Asl\u0131 Ek\u015fio\u011flu","isPartOf":{"@id":"https:\/\/www.senemasli.com\/de\/#website"},"datePublished":"2021-01-28T04:21:16+00:00","dateModified":"2024-12-17T22:48:28+00:00","description":"Zahn\u00e4rztin Senem Asl\u0131 Ek\u015fio\u011flu Bodrum, Mu\u011fla. Antworten auf Ihre Fragen zu Termin, Pr\u00fcfung und Praxis.","breadcrumb":{"@id":"https:\/\/www.senemasli.com\/de\/antworten-auf-ihre-fragen\/#breadcrumb"},"inLanguage":"de","potentialAction":[{"@type":"ReadAction","target":["https:\/\/www.senemasli.com\/de\/antworten-auf-ihre-fragen\/"]}]},{"@type":"BreadcrumbList","@id":"https:\/\/www.senemasli.com\/de\/antworten-auf-ihre-fragen\/#breadcrumb","itemListElement":[{"@type":"ListItem","position":1,"name":"Anasayfa","item":"https:\/\/www.senemasli.com\/de\/"},{"@type":"ListItem","position":2,"name":"Antworten auf Ihre Fragen"}]},{"@type":"WebSite","@id":"https:\/\/www.senemasli.com\/de\/#website","url":"https:\/\/www.senemasli.com\/de\/","name":"Zahn\u00e4rztin Senem Asl\u0131 Ek\u015fio\u011flu","description":"Bodrum","publisher":{"@id":"https:\/\/www.senemasli.com\/de\/#organization"},"potentialAction":[{"@type":"SearchAction","target":{"@type":"EntryPoint","urlTemplate":"https:\/\/www.senemasli.com\/de\/?s={search_term_string}"},"query-input":{"@type":"PropertyValueSpecification","valueRequired":true,"valueName":"search_term_string"}}],"inLanguage":"de"},{"@type":"Organization","@id":"https:\/\/www.senemasli.com\/de\/#organization","name":"Zahn\u00e4rztin Senem Asl\u0131 Ek\u015fio\u011flu - Bodrum, Mu\u011fla","url":"https:\/\/www.senemasli.com\/de\/","logo":{"@type":"ImageObject","inLanguage":"de","@id":"https:\/\/www.senemasli.com\/de\/#\/schema\/logo\/image\/","url":"https:\/\/www.senemasli.com\/wp-content\/uploads\/2021\/01\/logo.png","contentUrl":"https:\/\/www.senemasli.com\/wp-content\/uploads\/2021\/01\/logo.png","width":344,"height":120,"caption":"Zahn\u00e4rztin Senem Asl\u0131 Ek\u015fio\u011flu - Bodrum, Mu\u011fla"},"image":{"@id":"https:\/\/www.senemasli.com\/de\/#\/schema\/logo\/image\/"},"sameAs":["https:\/\/www.facebook.com\/D\u0130\u015e-HEK\u0130M\u0130-SENEM-ASLI-EK\u015e\u0130O\u011eLU-204782806266798","https:\/\/www.instagram.com\/snmazoid\/","https:\/\/www.linkedin.com\/in\/senem-asl\u0131-ek\u015fio\u011flu-350235204\/"]}]}},"_links":{"self":[{"href":"https:\/\/www.senemasli.com\/de\/wp-json\/wp\/v2\/pages\/2703","targetHints":{"allow":["GET"]}}],"collection":[{"href":"https:\/\/www.senemasli.com\/de\/wp-json\/wp\/v2\/pages"}],"about":[{"href":"https:\/\/www.senemasli.com\/de\/wp-json\/wp\/v2\/types\/page"}],"author":[{"embeddable":true,"href":"https:\/\/www.senemasli.com\/de\/wp-json\/wp\/v2\/users\/1"}],"replies":[{"embeddable":true,"href":"https:\/\/www.senemasli.com\/de\/wp-json\/wp\/v2\/comments?post=2703"}],"version-history":[{"count":35,"href":"https:\/\/www.senemasli.com\/de\/wp-json\/wp\/v2\/pages\/2703\/revisions"}],"predecessor-version":[{"id":4136,"href":"https:\/\/www.senemasli.com\/de\/wp-json\/wp\/v2\/pages\/2703\/revisions\/4136"}],"wp:attachment":[{"href":"https:\/\/www.senemasli.com\/de\/wp-json\/wp\/v2\/media?parent=2703"}],"curies":[{"name":"wp","href":"https:\/\/api.w.org\/{rel}","templated":true}]}}